{"id":23,"date":"2015-09-28T10:21:29","date_gmt":"2015-09-28T10:21:29","guid":{"rendered":"http:\/\/demo.themegrill.com\/fitclub\/?page_id=23"},"modified":"2018-04-25T18:44:35","modified_gmt":"2018-04-25T21:44:35","slug":"sobre-a-magda","status":"publish","type":"page","link":"https:\/\/magdabeatriz.com.br\/site\/sobre-a-magda\/","title":{"rendered":"A Magda"},"content":{"rendered":"<h1>&#8220;Olhar no papel e olhar na c\u00e2mera&#8221;<\/h1>\n<p><img loading=\"lazy\" class=\"alignnone wp-image-659 size-large\" src=\"https:\/\/magdabeatriz.com.br\/site\/wp-content\/uploads\/2018\/04\/magda-beatriz-atualidades-pampa-1024x682.jpeg\" alt=\"Magda Beatriz Jornalista\" width=\"870\" height=\"579\" srcset=\"https:\/\/magdabeatriz.com.br\/site\/wp-content\/uploads\/2018\/04\/magda-beatriz-atualidades-pampa-1024x682.jpeg 1024w, https:\/\/magdabeatriz.com.br\/site\/wp-content\/uploads\/2018\/04\/magda-beatriz-atualidades-pampa-300x200.jpeg 300w, https:\/\/magdabeatriz.com.br\/site\/wp-content\/uploads\/2018\/04\/magda-beatriz-atualidades-pampa-768x511.jpeg 768w, https:\/\/magdabeatriz.com.br\/site\/wp-content\/uploads\/2018\/04\/magda-beatriz-atualidades-pampa.jpeg 1280w\" sizes=\"(max-width: 870px) 100vw, 870px\" \/><\/p>\n<p><strong>Magda Beatriz Rodrigues Alves<\/strong> nasceu em Porto Alegre e iniciou sua vida profissional precocemente, demonstrando sempre muito talento e destacando-se por sua bela voz, desenvoltura e senso de humor. A voz de Magda chamava a aten\u00e7\u00e3o, e isto fez com que o produtor <strong>Nelson Cardoso<\/strong>, um dos pioneiros da televis\u00e3o no Rio Grande do Sul, a convidasse para fazer um teste como apresentadora de televis\u00e3o. Ele n\u00e3o precisou pensar duas vezes para insistir que ela come\u00e7asse a trabalhar no dia seguinte como <strong>apresentadora dos inter-quadros no \u201cShow de Mulher\u201d<\/strong>, na <strong>TV Difusora<\/strong>, canal 10.<\/p>\n<h2>Do in\u00edcio na televis\u00e3o \u00e0 filha Andr\u00e9a<\/h2>\n<p><img loading=\"lazy\" class=\"size-full wp-image-690 alignright\" src=\"https:\/\/magdabeatriz.com.br\/site\/wp-content\/uploads\/2018\/04\/image2.jpg\" alt=\"Magda Beatriz\" width=\"199\" height=\"300\" \/><\/p>\n<p>O programa na\u00a0TV Difusora\u00a0era apresentado pela Rejane Vieira da Costa, ex-miss Brasil. E foi ali mesmo que, em poucos meses, a <strong>Magda passou para o notici\u00e1rio do\u00a0Portovis\u00e3o<\/strong>\u00a0ao lado de apresentadores profissionais.<\/p>\n<p>Aproximadamente um ano depois,\u00a0<strong>Magda Beatriz passou para o telejornal\u00a0C\u00e2mera 10<\/strong>, apresentando not\u00edcias lado a lado com profissionais de grande express\u00e3o no Estado, como Ana Am\u00e9lia Lemos, Yeda Crusius, Sergio Sch\u00fcller, Jos\u00e9 Fontela, Airton Fagundes e Ieda Maria Vargas.\u00a0Quando o programa foi extinto,\u00a0<strong>Magda, gr\u00e1vida de sua filha Andr\u00e9a, afastou-se temporariamente do v\u00eddeo<\/strong>.<\/p>\n<h2><\/h2>\n<h2><\/h2>\n<h2><\/h2>\n<h2><\/h2>\n<h2>O retorno como entrevistadora<\/h2>\n<p><img loading=\"lazy\" class=\"wp-image-691 size-medium alignleft\" src=\"https:\/\/magdabeatriz.com.br\/site\/wp-content\/uploads\/2018\/04\/image3-300x227.jpeg\" alt=\"Magda Beatriz no Programa Clovis Duarte\" width=\"300\" height=\"227\" srcset=\"https:\/\/magdabeatriz.com.br\/site\/wp-content\/uploads\/2018\/04\/image3-300x227.jpeg 300w, https:\/\/magdabeatriz.com.br\/site\/wp-content\/uploads\/2018\/04\/image3.jpeg 603w\" sizes=\"(max-width: 300px) 100vw, 300px\" \/><\/p>\n<p>Foi nessa \u00e9poca que S\u00e9rgio Reis, ent\u00e3o diretor da\u00a0TV Gua\u00edba, Canal 2, criou o \u201cGua\u00edba Feminina\u201d, um programa ao vivo, na hora do almo\u00e7o, com 2 horas e meia de dura\u00e7\u00e3o e 5 apresentadoras com caracter\u00edsticas diferentes. <strong>Magda Beatriz foi uma das escolhidas <\/strong>e voltou \u00e0 televis\u00e3o, desta vez <strong>como entrevistadora<\/strong> junto com T\u00e2nia Carvalho, Aninha Comas, Liliana Reid e Marina Conter.<\/p>\n<p>Durante todo o per\u00edodo em que trabalhou na televis\u00e3o,\u00a0<strong>Magda sempre foi chamada para gravar\u00a0comerciais<\/strong>, apresentar desfiles, semin\u00e1rios e eventos, o que faz at\u00e9 os dias de hoje.<\/p>\n<p>Durante 13 anos, aos s\u00e1bados \u00e0 noite, comandou, na\u00a0<strong>R\u00e1dio Gua\u00edba<\/strong>,\u00a0um programa no qual, durante 5 horas, dava dicas de teatro, cinema, literatura, espet\u00e1culos e cursos. Essas dicas eram intercaladas pela excelente e exclusiva m\u00fasica da Gua\u00edba, cuidadosamente selecionada por Fernando Veronese.<\/p>\n<p>Foi tamb\u00e9m nessa \u00e9poca que come\u00e7ou a trabalhar no <strong>programa \u201cC\u00e2mera 2\u201d, do apresentador Cl\u00f3vis Duarte<\/strong>, permanecendo a seu lado diariamente at\u00e9 o final. Magda se lembra com muito carinho desses 16 anos de conviv\u00eancia e muito aprendizado, dos quais os 4 \u00faltimos j\u00e1 em outra emissora, a\u00a0TV Pampa.<\/p>\n<h2><\/h2>\n<h2>\u00c2ncora do programa e Premia\u00e7\u00f5es<\/h2>\n<p><img loading=\"lazy\" class=\"size-medium wp-image-689 alignright\" src=\"https:\/\/magdabeatriz.com.br\/site\/wp-content\/uploads\/2018\/04\/image1-200x300.jpeg\" alt=\"Magda Beatriz no programa Atualidades Pampa\" width=\"200\" height=\"300\" srcset=\"https:\/\/magdabeatriz.com.br\/site\/wp-content\/uploads\/2018\/04\/image1-200x300.jpeg 200w, https:\/\/magdabeatriz.com.br\/site\/wp-content\/uploads\/2018\/04\/image1.jpeg 501w\" sizes=\"(max-width: 200px) 100vw, 200px\" \/><\/p>\n<p>Com a aus\u00eancia definitiva do Cl\u00f3vis, <strong>Magda foi convidada<\/strong> pela dire\u00e7\u00e3o da TV Pampa <strong>para ser \u00e2ncora do programa<\/strong>, que passou para a denomina\u00e7\u00e3o \u201cPampa News\u201d e, atualmente, para &#8220;Atualidades Pampa&#8221;, que vai ao ar diariamente \u00e0s 19h15.<\/p>\n<p>Em 2005, recebeu o\u00a0<strong>Premio Jornalismo Carmem Silva<\/strong>, numa proposi\u00e7\u00e3o do ent\u00e3o vereador Haroldo de Souza.<\/p>\n<p>Nos anos de 2011\/2012, Magda foi escolhida, por meio do voto popular dos profissionais da \u00e1rea e por um j\u00fari especial, para receber o\u00a0<strong>Premio Press &#8211; Melhor Apresentadora De TV<\/strong>.<\/p>\n<p>&nbsp;<\/p>\n<hr \/>\n<p>&nbsp;<\/p>\n<p>Acompanhe o programa <strong>Atualidades Pampa<\/strong> aqui no site, \u00e9 s\u00f3 clicar no banner abaixo.<\/p>\n<blockquote class=\"wp-embedded-content\" data-secret=\"M6NZWiLzJJ\"><p><a href=\"https:\/\/magdabeatriz.com.br\/site\/atualidades-pampa\/\">Atualidades Pampa<\/a><\/p><\/blockquote>\n<p><iframe class=\"wp-embedded-content\" sandbox=\"allow-scripts\" security=\"restricted\" style=\"position: absolute; clip: rect(1px, 1px, 1px, 1px);\" title=\"&#8220;Atualidades Pampa&#8221; &#8212; Magda Beatriz Jornalista\" src=\"https:\/\/magdabeatriz.com.br\/site\/atualidades-pampa\/embed\/#?secret=M6NZWiLzJJ\" data-secret=\"M6NZWiLzJJ\" width=\"600\" height=\"338\" frameborder=\"0\" marginwidth=\"0\" marginheight=\"0\" scrolling=\"no\"><\/iframe><\/p>\n","protected":false},"excerpt":{"rendered":"<p>\n\u201cUm dia eu passo a\u00ed para ver se o teu v\u00eddeo combina com o \u00e1udio.\u201d A frase foi dita por N\u00e9lson Cardoso, por telefone, a uma jovem recepcionista de locadora de autom\u00f3veis. Magda Beatriz n\u00e3o se intimidou com o elogio \u00e0 sua voz rouca e marcante.\n<\/p>\n<p>\nEla revela que sempre foi muito exibida e que ainda tinha o incentivo do pai, que era ator de teatro e radionovelas. \u201cGostava de cantar, de aparecer, mas nunca imaginei fazer disso uma profiss\u00e3o\u201d.\n<\/p>\n<p>\nA radialista reconhece que seu dia-a-dia \u00e9 puxado, mas quer ainda mais: \u201cPreciso viver muito e h\u00e1 muitas coisas a fazer. N\u00e3o tenho tempo para me aborrecer\u201d, sentencia.<\/p>\n","protected":false},"author":2,"featured_media":659,"parent":0,"menu_order":0,"comment_status":"closed","ping_status":"closed","template":"","meta":[],"yoast_head":"<!-- This site is optimized with the Yoast SEO plugin v20.6 - https:\/\/yoast.com\/wordpress\/plugins\/seo\/ -->\n<title>Biografia - Magda Beatriz Jornalista<\/title>\n<meta name=\"description\" content=\"Magda Beatriz Rodrigues Alves nasceu em Porto Alegre e iniciou sua vida profissional precocemente, demonstrando sempre muito talento e destacando-se por sua bela voz, desenvoltura e senso de humor. Venha ler mais sobre a Magda!\" \/>\n<meta name=\"robots\" content=\"index, follow, max-snippet:-1, max-image-preview:large, max-video-preview:-1\" \/>\n<link rel=\"canonical\" href=\"https:\/\/magdabeatriz.com.br\/site\/sobre-a-magda\/\" \/>\n<meta property=\"og:locale\" content=\"pt_BR\" \/>\n<meta property=\"og:type\" content=\"article\" \/>\n<meta property=\"og:title\" content=\"Biografia da Magda Beatriz Jornalista\" \/>\n<meta property=\"og:description\" content=\"Magda Beatriz Rodrigues Alves nasceu em Porto Alegre e iniciou sua vida profissional precocemente, demonstrando sempre muito talento e destacando-se por sua bela voz, desenvoltura e senso de humor. Venha ler mais sobre a Magda!\" \/>\n<meta property=\"og:url\" content=\"https:\/\/magdabeatriz.com.br\/site\/sobre-a-magda\/\" \/>\n<meta property=\"og:site_name\" content=\"Magda Beatriz Jornalista\" \/>\n<meta property=\"article:publisher\" content=\"https:\/\/www.facebook.com\/magdabeatrizjornalista\" \/>\n<meta property=\"article:modified_time\" content=\"2018-04-25T21:44:35+00:00\" \/>\n<meta property=\"og:image\" content=\"http:\/\/magdabeatriz.com.br\/site\/wp-content\/uploads\/2018\/04\/magda-beatriz-atualidades-pampa.jpeg\" \/>\n<meta name=\"twitter:card\" content=\"summary_large_image\" \/>\n<meta name=\"twitter:title\" content=\"Biografia da Magda Beatriz Jornalista\" \/>\n<meta name=\"twitter:description\" content=\"Magda Beatriz Rodrigues Alves nasceu em Porto Alegre e iniciou sua vida profissional precocemente, demonstrando sempre muito talento e destacando-se por sua bela voz, desenvoltura e senso de humor. Venha ler mais sobre a Magda!\" \/>\n<meta name=\"twitter:image\" content=\"http:\/\/magdabeatriz.com.br\/site\/wp-content\/uploads\/2018\/04\/magda-beatriz-atualidades-pampa.jpeg\" \/>\n<meta name=\"twitter:site\" content=\"@magdabeatriz\" \/>\n<meta name=\"twitter:label1\" content=\"Est. tempo de leitura\" \/>\n\t<meta name=\"twitter:data1\" content=\"3 minutos\" \/>\n<script type=\"application\/ld+json\" class=\"yoast-schema-graph\">{\"@context\":\"https:\/\/schema.org\",\"@graph\":[{\"@type\":\"WebPage\",\"@id\":\"https:\/\/magdabeatriz.com.br\/site\/sobre-a-magda\/\",\"url\":\"https:\/\/magdabeatriz.com.br\/site\/sobre-a-magda\/\",\"name\":\"Biografia - Magda Beatriz Jornalista\",\"isPartOf\":{\"@id\":\"https:\/\/magdabeatriz.com.br\/site\/#website\"},\"datePublished\":\"2015-09-28T10:21:29+00:00\",\"dateModified\":\"2018-04-25T21:44:35+00:00\",\"description\":\"Magda Beatriz Rodrigues Alves nasceu em Porto Alegre e iniciou sua vida profissional precocemente, demonstrando sempre muito talento e destacando-se por sua bela voz, desenvoltura e senso de humor. Venha ler mais sobre a Magda!\",\"breadcrumb\":{\"@id\":\"https:\/\/magdabeatriz.com.br\/site\/sobre-a-magda\/#breadcrumb\"},\"inLanguage\":\"pt-BR\",\"potentialAction\":[{\"@type\":\"ReadAction\",\"target\":[\"https:\/\/magdabeatriz.com.br\/site\/sobre-a-magda\/\"]}]},{\"@type\":\"BreadcrumbList\",\"@id\":\"https:\/\/magdabeatriz.com.br\/site\/sobre-a-magda\/#breadcrumb\",\"itemListElement\":[{\"@type\":\"ListItem\",\"position\":1,\"name\":\"In\u00edcio\",\"item\":\"https:\/\/magdabeatriz.com.br\/site\/\"},{\"@type\":\"ListItem\",\"position\":2,\"name\":\"A Magda\"}]},{\"@type\":\"WebSite\",\"@id\":\"https:\/\/magdabeatriz.com.br\/site\/#website\",\"url\":\"https:\/\/magdabeatriz.com.br\/site\/\",\"name\":\"Magda Beatriz Jornalista\",\"description\":\"Magda Beatriz\",\"publisher\":{\"@id\":\"https:\/\/magdabeatriz.com.br\/site\/#organization\"},\"potentialAction\":[{\"@type\":\"SearchAction\",\"target\":{\"@type\":\"EntryPoint\",\"urlTemplate\":\"https:\/\/magdabeatriz.com.br\/site\/?s={search_term_string}\"},\"query-input\":\"required name=search_term_string\"}],\"inLanguage\":\"pt-BR\"},{\"@type\":\"Organization\",\"@id\":\"https:\/\/magdabeatriz.com.br\/site\/#organization\",\"name\":\"Magda Beatriz Jornalista\",\"url\":\"https:\/\/magdabeatriz.com.br\/site\/\",\"logo\":{\"@type\":\"ImageObject\",\"inLanguage\":\"pt-BR\",\"@id\":\"https:\/\/magdabeatriz.com.br\/site\/#\/schema\/logo\/image\/\",\"url\":\"https:\/\/magdabeatriz.com.br\/site\/wp-content\/uploads\/2018\/03\/logo-magda-beatriz-jornalista-3.png\",\"contentUrl\":\"https:\/\/magdabeatriz.com.br\/site\/wp-content\/uploads\/2018\/03\/logo-magda-beatriz-jornalista-3.png\",\"width\":280,\"height\":62,\"caption\":\"Magda Beatriz Jornalista\"},\"image\":{\"@id\":\"https:\/\/magdabeatriz.com.br\/site\/#\/schema\/logo\/image\/\"},\"sameAs\":[\"https:\/\/www.facebook.com\/magdabeatrizjornalista\",\"https:\/\/twitter.com\/magdabeatriz\",\"https:\/\/www.youtube.com\/channel\/UCao-Hv-FqGkfcELd4BUFDBg\"]}]}<\/script>\n<!-- \/ Yoast SEO plugin. -->","yoast_head_json":{"title":"Biografia - Magda Beatriz Jornalista","description":"Magda Beatriz Rodrigues Alves nasceu em Porto Alegre e iniciou sua vida profissional precocemente, demonstrando sempre muito talento e destacando-se por sua bela voz, desenvoltura e senso de humor. Venha ler mais sobre a Magda!","robots":{"index":"index","follow":"follow","max-snippet":"max-snippet:-1","max-image-preview":"max-image-preview:large","max-video-preview":"max-video-preview:-1"},"canonical":"https:\/\/magdabeatriz.com.br\/site\/sobre-a-magda\/","og_locale":"pt_BR","og_type":"article","og_title":"Biografia da Magda Beatriz Jornalista","og_description":"Magda Beatriz Rodrigues Alves nasceu em Porto Alegre e iniciou sua vida profissional precocemente, demonstrando sempre muito talento e destacando-se por sua bela voz, desenvoltura e senso de humor. Venha ler mais sobre a Magda!","og_url":"https:\/\/magdabeatriz.com.br\/site\/sobre-a-magda\/","og_site_name":"Magda Beatriz Jornalista","article_publisher":"https:\/\/www.facebook.com\/magdabeatrizjornalista","article_modified_time":"2018-04-25T21:44:35+00:00","og_image":[{"url":"http:\/\/magdabeatriz.com.br\/site\/wp-content\/uploads\/2018\/04\/magda-beatriz-atualidades-pampa.jpeg"}],"twitter_card":"summary_large_image","twitter_title":"Biografia da Magda Beatriz Jornalista","twitter_description":"Magda Beatriz Rodrigues Alves nasceu em Porto Alegre e iniciou sua vida profissional precocemente, demonstrando sempre muito talento e destacando-se por sua bela voz, desenvoltura e senso de humor. Venha ler mais sobre a Magda!","twitter_image":"http:\/\/magdabeatriz.com.br\/site\/wp-content\/uploads\/2018\/04\/magda-beatriz-atualidades-pampa.jpeg","twitter_site":"@magdabeatriz","twitter_misc":{"Est. tempo de leitura":"3 minutos"},"schema":{"@context":"https:\/\/schema.org","@graph":[{"@type":"WebPage","@id":"https:\/\/magdabeatriz.com.br\/site\/sobre-a-magda\/","url":"https:\/\/magdabeatriz.com.br\/site\/sobre-a-magda\/","name":"Biografia - Magda Beatriz Jornalista","isPartOf":{"@id":"https:\/\/magdabeatriz.com.br\/site\/#website"},"datePublished":"2015-09-28T10:21:29+00:00","dateModified":"2018-04-25T21:44:35+00:00","description":"Magda Beatriz Rodrigues Alves nasceu em Porto Alegre e iniciou sua vida profissional precocemente, demonstrando sempre muito talento e destacando-se por sua bela voz, desenvoltura e senso de humor. Venha ler mais sobre a Magda!","breadcrumb":{"@id":"https:\/\/magdabeatriz.com.br\/site\/sobre-a-magda\/#breadcrumb"},"inLanguage":"pt-BR","potentialAction":[{"@type":"ReadAction","target":["https:\/\/magdabeatriz.com.br\/site\/sobre-a-magda\/"]}]},{"@type":"BreadcrumbList","@id":"https:\/\/magdabeatriz.com.br\/site\/sobre-a-magda\/#breadcrumb","itemListElement":[{"@type":"ListItem","position":1,"name":"In\u00edcio","item":"https:\/\/magdabeatriz.com.br\/site\/"},{"@type":"ListItem","position":2,"name":"A Magda"}]},{"@type":"WebSite","@id":"https:\/\/magdabeatriz.com.br\/site\/#website","url":"https:\/\/magdabeatriz.com.br\/site\/","name":"Magda Beatriz Jornalista","description":"Magda Beatriz","publisher":{"@id":"https:\/\/magdabeatriz.com.br\/site\/#organization"},"potentialAction":[{"@type":"SearchAction","target":{"@type":"EntryPoint","urlTemplate":"https:\/\/magdabeatriz.com.br\/site\/?s={search_term_string}"},"query-input":"required name=search_term_string"}],"inLanguage":"pt-BR"},{"@type":"Organization","@id":"https:\/\/magdabeatriz.com.br\/site\/#organization","name":"Magda Beatriz Jornalista","url":"https:\/\/magdabeatriz.com.br\/site\/","logo":{"@type":"ImageObject","inLanguage":"pt-BR","@id":"https:\/\/magdabeatriz.com.br\/site\/#\/schema\/logo\/image\/","url":"https:\/\/magdabeatriz.com.br\/site\/wp-content\/uploads\/2018\/03\/logo-magda-beatriz-jornalista-3.png","contentUrl":"https:\/\/magdabeatriz.com.br\/site\/wp-content\/uploads\/2018\/03\/logo-magda-beatriz-jornalista-3.png","width":280,"height":62,"caption":"Magda Beatriz Jornalista"},"image":{"@id":"https:\/\/magdabeatriz.com.br\/site\/#\/schema\/logo\/image\/"},"sameAs":["https:\/\/www.facebook.com\/magdabeatrizjornalista","https:\/\/twitter.com\/magdabeatriz","https:\/\/www.youtube.com\/channel\/UCao-Hv-FqGkfcELd4BUFDBg"]}]}},"_links":{"self":[{"href":"https:\/\/magdabeatriz.com.br\/site\/wp-json\/wp\/v2\/pages\/23"}],"collection":[{"href":"https:\/\/magdabeatriz.com.br\/site\/wp-json\/wp\/v2\/pages"}],"about":[{"href":"https:\/\/magdabeatriz.com.br\/site\/wp-json\/wp\/v2\/types\/page"}],"author":[{"embeddable":true,"href":"https:\/\/magdabeatriz.com.br\/site\/wp-json\/wp\/v2\/users\/2"}],"replies":[{"embeddable":true,"href":"https:\/\/magdabeatriz.com.br\/site\/wp-json\/wp\/v2\/comments?post=23"}],"version-history":[{"count":2,"href":"https:\/\/magdabeatriz.com.br\/site\/wp-json\/wp\/v2\/pages\/23\/revisions"}],"predecessor-version":[{"id":803,"href":"https:\/\/magdabeatriz.com.br\/site\/wp-json\/wp\/v2\/pages\/23\/revisions\/803"}],"wp:featuredmedia":[{"embeddable":true,"href":"https:\/\/magdabeatriz.com.br\/site\/wp-json\/wp\/v2\/media\/659"}],"wp:attachment":[{"href":"https:\/\/magdabeatriz.com.br\/site\/wp-json\/wp\/v2\/media?parent=23"}],"curies":[{"name":"wp","href":"https:\/\/api.w.org\/{rel}","templated":true}]}}