{"id":122,"date":"2015-09-28T10:18:11","date_gmt":"2015-09-28T10:18:11","guid":{"rendered":"http:\/\/demo.themegrill.com\/fitclub\/?page_id=16"},"modified":"2018-04-25T18:46:08","modified_gmt":"2018-04-25T21:46:08","slug":"ta-na-mesa-federasul","status":"publish","type":"page","link":"https:\/\/magdabeatriz.com.br\/site\/ta-na-mesa-federasul\/","title":{"rendered":"T\u00e1 na mesa FEDERASUL"},"content":{"rendered":"<h1><img loading=\"lazy\" class=\"aligncenter size-full wp-image-739\" src=\"https:\/\/magdabeatriz.com.br\/site\/wp-content\/uploads\/2018\/04\/Magda-Beatriz-Ta-na-Mesa-Federasul.jpeg\" alt=\"Magda Beatriz \u00e9 Mestre de Cerim\u00f4nias do T\u00e1 Na Mesa da Federasul\" width=\"960\" height=\"876\" srcset=\"https:\/\/magdabeatriz.com.br\/site\/wp-content\/uploads\/2018\/04\/Magda-Beatriz-Ta-na-Mesa-Federasul.jpeg 960w, https:\/\/magdabeatriz.com.br\/site\/wp-content\/uploads\/2018\/04\/Magda-Beatriz-Ta-na-Mesa-Federasul-300x274.jpeg 300w, https:\/\/magdabeatriz.com.br\/site\/wp-content\/uploads\/2018\/04\/Magda-Beatriz-Ta-na-Mesa-Federasul-768x701.jpeg 768w\" sizes=\"(max-width: 960px) 100vw, 960px\" \/><\/h1>\n<h2>Federasul<\/h2>\n<p>Federa\u00e7\u00e3o de Entidades Empresariais do Rio Grande Sul &#8211; <a href=\"http:\/\/www.federasul.com.br\" target=\"_blank\" rel=\"noopener\">Federasul<\/a> &#8211; \u00e9 uma entidade de livre associa\u00e7\u00e3o e sem fins lucrativos. Atualmente, est\u00e3o filiadas 155 associa\u00e7\u00f5es empresariais, reunindo as for\u00e7as econ\u00f4micas e produtivas das comunidades do Estado.<\/p>\n<p><img loading=\"lazy\" class=\"aligncenter wp-image-747 size-medium\" src=\"https:\/\/magdabeatriz.com.br\/site\/wp-content\/uploads\/2018\/04\/fachada-da-federasul-no-centro-historico-de-porto-alegre-300x200.jpg\" alt=\"Fachada do pr\u00e9dio da Federasul no centro Hist\u00f3rico de Porto Alegre\" width=\"300\" height=\"200\" srcset=\"https:\/\/magdabeatriz.com.br\/site\/wp-content\/uploads\/2018\/04\/fachada-da-federasul-no-centro-historico-de-porto-alegre-300x200.jpg 300w, https:\/\/magdabeatriz.com.br\/site\/wp-content\/uploads\/2018\/04\/fachada-da-federasul-no-centro-historico-de-porto-alegre-768x512.jpg 768w, https:\/\/magdabeatriz.com.br\/site\/wp-content\/uploads\/2018\/04\/fachada-da-federasul-no-centro-historico-de-porto-alegre.jpg 800w\" sizes=\"(max-width: 300px) 100vw, 300px\" \/><\/p>\n<p>A Federasul est\u00e1 localizada no <a href=\"https:\/\/goo.gl\/maps\/bjtD8naXYqG2\" target=\"_blank\" rel=\"noopener\">Largo Visconde do Cair\u00fa, 17<\/a>, no Centro Hist\u00f3rico de Porto Alegre.<\/p>\n<p>&nbsp;<\/p>\n<h2>Magda Beatriz \u00e9 Mestre de Cerim\u00f4nias<\/h2>\n<p>Semanalmente, Magda Beatriz realiza o vocativo de cerimonial para uma plat\u00e9ia de mais de 200 pessoas no Sal\u00e3o Nobre da Federasul, fazendo a apresenta\u00e7\u00e3o de pol\u00edticos, celebridades e empres\u00e1rios dos mais diversos setores que palestram no evento.<\/p>\n<p><img loading=\"lazy\" class=\"aligncenter size-medium wp-image-748\" src=\"https:\/\/magdabeatriz.com.br\/site\/wp-content\/uploads\/2018\/04\/Magda-Beatriz-apresentando-o-evento-ta-na-mesa-da-federasul-300x200.jpg\" alt=\"Magda Beatriz apresentando o evento T\u00e1 na Mesa da Federasul\" width=\"300\" height=\"200\" srcset=\"https:\/\/magdabeatriz.com.br\/site\/wp-content\/uploads\/2018\/04\/Magda-Beatriz-apresentando-o-evento-ta-na-mesa-da-federasul-300x200.jpg 300w, https:\/\/magdabeatriz.com.br\/site\/wp-content\/uploads\/2018\/04\/Magda-Beatriz-apresentando-o-evento-ta-na-mesa-da-federasul-768x512.jpg 768w, https:\/\/magdabeatriz.com.br\/site\/wp-content\/uploads\/2018\/04\/Magda-Beatriz-apresentando-o-evento-ta-na-mesa-da-federasul.jpg 800w\" sizes=\"(max-width: 300px) 100vw, 300px\" \/><\/p>\n<p>Desde as boas-vindas at\u00e9 o encerramento, passando pela apresenta\u00e7\u00e3o das atividades e dos palestrantes, a voz da Magda Beatriz mant\u00e9m os participantes atentos ao que vai acontecer.<\/p>\n<h2>T\u00e1 na Mesa<\/h2>\n<p>Um dos eventos de maior sucesso e tradi\u00e7\u00e3o da Federasul, o T\u00e1 na Mesa \u00e9 uma reuni\u00e3o almo\u00e7o com palestrantes convidades, empres\u00e1rios e executivos para a discuss\u00e3o de ideais, tend\u1ebdncias, a\u00e7\u00f5es e projetos ligados ao desenvolvimento econ\u00f4mico, pol\u00edtico e social do Estado e do Pa\u00eds.<\/p>\n<p><img loading=\"lazy\" class=\"aligncenter wp-image-577 size-medium\" src=\"https:\/\/magdabeatriz.com.br\/site\/wp-content\/uploads\/2018\/04\/ta-na-mesa-federasul-300x200.jpg\" alt=\"\" width=\"300\" height=\"200\" srcset=\"https:\/\/magdabeatriz.com.br\/site\/wp-content\/uploads\/2018\/04\/ta-na-mesa-federasul-300x200.jpg 300w, https:\/\/magdabeatriz.com.br\/site\/wp-content\/uploads\/2018\/04\/ta-na-mesa-federasul-768x512.jpg 768w, https:\/\/magdabeatriz.com.br\/site\/wp-content\/uploads\/2018\/04\/ta-na-mesa-federasul-1024x683.jpg 1024w\" sizes=\"(max-width: 300px) 100vw, 300px\" \/><\/p>\n<p>Considerado um dos principais pontos de encontro do mundo empresarial do Rio Grande do Sul, anualmente, o evento T\u00e1 na Mesa re\u00fane mais de 10 mil pessoas.<\/p>\n<h2>Para saber mais<\/h2>\n<p>O T\u00e1 na Mesa acontece semanalmente nas quartas-feiras, das 12h \u00e0s 14h. Se voc\u00ea quiser ver a agenda dos pr\u00f3ximos eventos ou as fotos do eventos que j\u00e1 acontecerem, acessa os seguintes links:<\/p>\n<ul>\n<li><a href=\"http:\/\/www.federasul.com.br\/eventos\/\" target=\"_blank\" rel=\"noopener\">Pr\u00f3ximos eventos da Federasul<\/a><\/li>\n<li><a href=\"http:\/\/www.federasul.com.br\/ta-na-mesa-federasul\/\" target=\"_blank\" rel=\"noopener\">Galeria de fotos do T\u00e1 na Mesa<\/a><\/li>\n<\/ul>\n<p>Acompanhe, tamb\u00e9m, o facebook da Federasul:<\/p>\n<p><iframe loading=\"lazy\" style=\"border: none; overflow: hidden;\" src=\"https:\/\/www.facebook.com\/plugins\/page.php?href=https%3A%2F%2Fwww.facebook.com%2Ffederasul%2F&amp;tabs=timeline%2Cevents&amp;width=500&amp;height=800&amp;small_header=false&amp;adapt_container_width=true&amp;hide_cover=false&amp;show_facepile=true&amp;appId=148275139169277\" width=\"500\" height=\"800\" frameborder=\"0\" scrolling=\"no\"><\/iframe><\/p>\n","protected":false},"excerpt":{"rendered":"<p>Reuni\u00e3o almo\u00e7o, com palestrantes, empres\u00e1rios e executivos, para a discuss\u00e3o de ideais, tend\u00eancias ligados ao cen\u00e1rio econ\u00f4mico, pol\u00edtico e social do Estado e do Pa\u00eds.<\/p>\n","protected":false},"author":2,"featured_media":336,"parent":0,"menu_order":0,"comment_status":"closed","ping_status":"closed","template":"page-templates\/template-service.php","meta":[],"yoast_head":"<!-- This site is optimized with the Yoast SEO plugin v20.6 - https:\/\/yoast.com\/wordpress\/plugins\/seo\/ -->\n<title>T\u00e1 na mesa FEDERASUL - Magda Beatriz Jornalista<\/title>\n<meta name=\"robots\" content=\"index, follow, max-snippet:-1, max-image-preview:large, max-video-preview:-1\" \/>\n<link rel=\"canonical\" href=\"https:\/\/magdabeatriz.com.br\/site\/ta-na-mesa-federasul\/\" \/>\n<meta property=\"og:locale\" content=\"pt_BR\" \/>\n<meta property=\"og:type\" content=\"article\" \/>\n<meta property=\"og:title\" content=\"T\u00e1 na mesa Federasul - Magda Beatriz\" \/>\n<meta property=\"og:description\" content=\"Reuni\u00e3o almo\u00e7o, com palestrantes, empres\u00e1rios e executivos, para a discuss\u00e3o de ideais, tend\u00eancias ligados ao cen\u00e1rio econ\u00f4mico, pol\u00edtico e social do Estado e do Pa\u00eds.\" \/>\n<meta property=\"og:url\" content=\"https:\/\/magdabeatriz.com.br\/site\/ta-na-mesa-federasul\/\" \/>\n<meta property=\"og:site_name\" content=\"Magda Beatriz Jornalista\" \/>\n<meta property=\"article:publisher\" content=\"https:\/\/www.facebook.com\/magdabeatrizjornalista\" \/>\n<meta property=\"article:modified_time\" content=\"2018-04-25T21:46:08+00:00\" \/>\n<meta property=\"og:image\" content=\"http:\/\/magdabeatriz.com.br\/site\/wp-content\/uploads\/2018\/04\/Magda-Beatriz-Ta-na-Mesa-Federasul.jpeg\" \/>\n<meta name=\"twitter:card\" content=\"summary_large_image\" \/>\n<meta name=\"twitter:site\" content=\"@magdabeatriz\" \/>\n<meta name=\"twitter:label1\" content=\"Est. tempo de leitura\" \/>\n\t<meta name=\"twitter:data1\" content=\"1 minuto\" \/>\n<script type=\"application\/ld+json\" class=\"yoast-schema-graph\">{\"@context\":\"https:\/\/schema.org\",\"@graph\":[{\"@type\":\"WebPage\",\"@id\":\"https:\/\/magdabeatriz.com.br\/site\/ta-na-mesa-federasul\/\",\"url\":\"https:\/\/magdabeatriz.com.br\/site\/ta-na-mesa-federasul\/\",\"name\":\"T\u00e1 na mesa FEDERASUL - Magda Beatriz Jornalista\",\"isPartOf\":{\"@id\":\"https:\/\/magdabeatriz.com.br\/site\/#website\"},\"datePublished\":\"2015-09-28T10:18:11+00:00\",\"dateModified\":\"2018-04-25T21:46:08+00:00\",\"breadcrumb\":{\"@id\":\"https:\/\/magdabeatriz.com.br\/site\/ta-na-mesa-federasul\/#breadcrumb\"},\"inLanguage\":\"pt-BR\",\"potentialAction\":[{\"@type\":\"ReadAction\",\"target\":[\"https:\/\/magdabeatriz.com.br\/site\/ta-na-mesa-federasul\/\"]}]},{\"@type\":\"BreadcrumbList\",\"@id\":\"https:\/\/magdabeatriz.com.br\/site\/ta-na-mesa-federasul\/#breadcrumb\",\"itemListElement\":[{\"@type\":\"ListItem\",\"position\":1,\"name\":\"In\u00edcio\",\"item\":\"https:\/\/magdabeatriz.com.br\/site\/\"},{\"@type\":\"ListItem\",\"position\":2,\"name\":\"T\u00e1 na mesa FEDERASUL\"}]},{\"@type\":\"WebSite\",\"@id\":\"https:\/\/magdabeatriz.com.br\/site\/#website\",\"url\":\"https:\/\/magdabeatriz.com.br\/site\/\",\"name\":\"Magda Beatriz Jornalista\",\"description\":\"Magda Beatriz\",\"publisher\":{\"@id\":\"https:\/\/magdabeatriz.com.br\/site\/#organization\"},\"potentialAction\":[{\"@type\":\"SearchAction\",\"target\":{\"@type\":\"EntryPoint\",\"urlTemplate\":\"https:\/\/magdabeatriz.com.br\/site\/?s={search_term_string}\"},\"query-input\":\"required name=search_term_string\"}],\"inLanguage\":\"pt-BR\"},{\"@type\":\"Organization\",\"@id\":\"https:\/\/magdabeatriz.com.br\/site\/#organization\",\"name\":\"Magda Beatriz Jornalista\",\"url\":\"https:\/\/magdabeatriz.com.br\/site\/\",\"logo\":{\"@type\":\"ImageObject\",\"inLanguage\":\"pt-BR\",\"@id\":\"https:\/\/magdabeatriz.com.br\/site\/#\/schema\/logo\/image\/\",\"url\":\"https:\/\/magdabeatriz.com.br\/site\/wp-content\/uploads\/2018\/03\/logo-magda-beatriz-jornalista-3.png\",\"contentUrl\":\"https:\/\/magdabeatriz.com.br\/site\/wp-content\/uploads\/2018\/03\/logo-magda-beatriz-jornalista-3.png\",\"width\":280,\"height\":62,\"caption\":\"Magda Beatriz Jornalista\"},\"image\":{\"@id\":\"https:\/\/magdabeatriz.com.br\/site\/#\/schema\/logo\/image\/\"},\"sameAs\":[\"https:\/\/www.facebook.com\/magdabeatrizjornalista\",\"https:\/\/twitter.com\/magdabeatriz\",\"https:\/\/www.youtube.com\/channel\/UCao-Hv-FqGkfcELd4BUFDBg\"]}]}<\/script>\n<!-- \/ Yoast SEO plugin. -->","yoast_head_json":{"title":"T\u00e1 na mesa FEDERASUL - Magda Beatriz Jornalista","robots":{"index":"index","follow":"follow","max-snippet":"max-snippet:-1","max-image-preview":"max-image-preview:large","max-video-preview":"max-video-preview:-1"},"canonical":"https:\/\/magdabeatriz.com.br\/site\/ta-na-mesa-federasul\/","og_locale":"pt_BR","og_type":"article","og_title":"T\u00e1 na mesa Federasul - Magda Beatriz","og_description":"Reuni\u00e3o almo\u00e7o, com palestrantes, empres\u00e1rios e executivos, para a discuss\u00e3o de ideais, tend\u00eancias ligados ao cen\u00e1rio econ\u00f4mico, pol\u00edtico e social do Estado e do Pa\u00eds.","og_url":"https:\/\/magdabeatriz.com.br\/site\/ta-na-mesa-federasul\/","og_site_name":"Magda Beatriz Jornalista","article_publisher":"https:\/\/www.facebook.com\/magdabeatrizjornalista","article_modified_time":"2018-04-25T21:46:08+00:00","og_image":[{"url":"http:\/\/magdabeatriz.com.br\/site\/wp-content\/uploads\/2018\/04\/Magda-Beatriz-Ta-na-Mesa-Federasul.jpeg"}],"twitter_card":"summary_large_image","twitter_site":"@magdabeatriz","twitter_misc":{"Est. tempo de leitura":"1 minuto"},"schema":{"@context":"https:\/\/schema.org","@graph":[{"@type":"WebPage","@id":"https:\/\/magdabeatriz.com.br\/site\/ta-na-mesa-federasul\/","url":"https:\/\/magdabeatriz.com.br\/site\/ta-na-mesa-federasul\/","name":"T\u00e1 na mesa FEDERASUL - Magda Beatriz Jornalista","isPartOf":{"@id":"https:\/\/magdabeatriz.com.br\/site\/#website"},"datePublished":"2015-09-28T10:18:11+00:00","dateModified":"2018-04-25T21:46:08+00:00","breadcrumb":{"@id":"https:\/\/magdabeatriz.com.br\/site\/ta-na-mesa-federasul\/#breadcrumb"},"inLanguage":"pt-BR","potentialAction":[{"@type":"ReadAction","target":["https:\/\/magdabeatriz.com.br\/site\/ta-na-mesa-federasul\/"]}]},{"@type":"BreadcrumbList","@id":"https:\/\/magdabeatriz.com.br\/site\/ta-na-mesa-federasul\/#breadcrumb","itemListElement":[{"@type":"ListItem","position":1,"name":"In\u00edcio","item":"https:\/\/magdabeatriz.com.br\/site\/"},{"@type":"ListItem","position":2,"name":"T\u00e1 na mesa FEDERASUL"}]},{"@type":"WebSite","@id":"https:\/\/magdabeatriz.com.br\/site\/#website","url":"https:\/\/magdabeatriz.com.br\/site\/","name":"Magda Beatriz Jornalista","description":"Magda Beatriz","publisher":{"@id":"https:\/\/magdabeatriz.com.br\/site\/#organization"},"potentialAction":[{"@type":"SearchAction","target":{"@type":"EntryPoint","urlTemplate":"https:\/\/magdabeatriz.com.br\/site\/?s={search_term_string}"},"query-input":"required name=search_term_string"}],"inLanguage":"pt-BR"},{"@type":"Organization","@id":"https:\/\/magdabeatriz.com.br\/site\/#organization","name":"Magda Beatriz Jornalista","url":"https:\/\/magdabeatriz.com.br\/site\/","logo":{"@type":"ImageObject","inLanguage":"pt-BR","@id":"https:\/\/magdabeatriz.com.br\/site\/#\/schema\/logo\/image\/","url":"https:\/\/magdabeatriz.com.br\/site\/wp-content\/uploads\/2018\/03\/logo-magda-beatriz-jornalista-3.png","contentUrl":"https:\/\/magdabeatriz.com.br\/site\/wp-content\/uploads\/2018\/03\/logo-magda-beatriz-jornalista-3.png","width":280,"height":62,"caption":"Magda Beatriz Jornalista"},"image":{"@id":"https:\/\/magdabeatriz.com.br\/site\/#\/schema\/logo\/image\/"},"sameAs":["https:\/\/www.facebook.com\/magdabeatrizjornalista","https:\/\/twitter.com\/magdabeatriz","https:\/\/www.youtube.com\/channel\/UCao-Hv-FqGkfcELd4BUFDBg"]}]}},"_links":{"self":[{"href":"https:\/\/magdabeatriz.com.br\/site\/wp-json\/wp\/v2\/pages\/122"}],"collection":[{"href":"https:\/\/magdabeatriz.com.br\/site\/wp-json\/wp\/v2\/pages"}],"about":[{"href":"https:\/\/magdabeatriz.com.br\/site\/wp-json\/wp\/v2\/types\/page"}],"author":[{"embeddable":true,"href":"https:\/\/magdabeatriz.com.br\/site\/wp-json\/wp\/v2\/users\/2"}],"replies":[{"embeddable":true,"href":"https:\/\/magdabeatriz.com.br\/site\/wp-json\/wp\/v2\/comments?post=122"}],"version-history":[{"count":2,"href":"https:\/\/magdabeatriz.com.br\/site\/wp-json\/wp\/v2\/pages\/122\/revisions"}],"predecessor-version":[{"id":810,"href":"https:\/\/magdabeatriz.com.br\/site\/wp-json\/wp\/v2\/pages\/122\/revisions\/810"}],"wp:featuredmedia":[{"embeddable":true,"href":"https:\/\/magdabeatriz.com.br\/site\/wp-json\/wp\/v2\/media\/336"}],"wp:attachment":[{"href":"https:\/\/magdabeatriz.com.br\/site\/wp-json\/wp\/v2\/media?parent=122"}],"curies":[{"name":"wp","href":"https:\/\/api.w.org\/{rel}","templated":true}]}}